{"id":2,"date":"2013-10-31T13:14:40","date_gmt":"2013-10-31T13:14:40","guid":{"rendered":"http:\/\/www.dolorografie.ch\/?page_id=2"},"modified":"2026-03-17T09:44:55","modified_gmt":"2026-03-17T09:44:55","slug":"about","status":"publish","type":"page","link":"https:\/\/www.dolografie.com\/fr\/","title":{"rendered":"Agenda"},"content":{"rendered":"<p><div tabindex=\"0\" class=\"cycloneslider cycloneslider-template-standard cycloneslider-width-responsive\" id=\"cycloneslider-dolografie-set-3\" style=\"max-width:1200px\" > <div class=\"cycloneslider-slides cycle-slideshow\" data-cycle-allow-wrap=\"true\" data-cycle-dynamic-height=\"off\" data-cycle-auto-height=\"1200:800\" data-cycle-auto-height-easing=\"null\" data-cycle-auto-height-speed=\"250\" data-cycle-delay=\"0\" data-cycle-easing=\"\" data-cycle-fx=\"fade\" data-cycle-hide-non-active=\"true\" data-cycle-log=\"false\" data-cycle-next=\"#cycloneslider-dolografie-set-3 .cycloneslider-next\" data-cycle-pager=\"#cycloneslider-dolografie-set-3 .cycloneslider-pager\" data-cycle-pause-on-hover=\"false\" data-cycle-prev=\"#cycloneslider-dolografie-set-3 .cycloneslider-prev\" data-cycle-slides=\"&gt; div\" data-cycle-speed=\"1000\" data-cycle-swipe=\"false\" data-cycle-tile-count=\"7\" data-cycle-tile-delay=\"100\" data-cycle-tile-vertical=\"true\" data-cycle-timeout=\"3000\" > <div class=\"cycloneslider-slide cycloneslider-slide-image\" > <img decoding=\"async\" src=\"https:\/\/www.dolografie.com\/wp-content\/uploads\/2017\/09\/Dolografie_Set_1_web.jpg\" alt=\"\" title=\"\" \/> <\/div> <div class=\"cycloneslider-slide cycloneslider-slide-image\" > <img decoding=\"async\" src=\"https:\/\/www.dolografie.com\/wp-content\/uploads\/2017\/09\/Dolografie_Set_4_web.jpg\" alt=\"\" title=\"\" \/> <\/div> <\/div> <\/div><\/p>\n<h1>Nouvelles<\/h1>\n<p>Le magazine Focus Gesundheit pr\u00e9sente l&rsquo;approche th\u00e9rapeutique holistique dans le traitement de la douleur chronique : <a href=\"https:\/\/www.dolografie.com\/wp-content\/uploads\/2026\/03\/Focus-Gesundheit_250925.pdf\" target=\"_blank\" rel=\"noopener\">Focus Gesundheit: Vom Feind zum Begleiter (09\/25)<\/a> \u2013 illustr\u00e9 par des images de Dolografie.<\/p>\n<h1><\/h1>\n<p>Le suisse magazine Beobachter fait un portrait de quatre personnes souffrant de douleurs chroniques \u00e0 l&rsquo;aide de la Dolografie. <a href=\"https:\/\/www.dolografie.com\/wp-content\/uploads\/2025\/10\/Beobachter_20250228_012.pdf\" target=\"_blank\" rel=\"noopener\">Beobachter: Dem Schmerz auf der Spur (05\/2025).<\/a><\/p>\n<h1><\/h1>\n<p>La Dolografie comme objet de r\u00e9f\u00e9rence dans la publication SCHMERZEN FORMEN de Johannes Breuer, qui \u00e9tudie un syst\u00e8me de saisie num\u00e9rique de la douleur. Publi\u00e9 en 2024 chez <a href=\"https:\/\/link.springer.com\/book\/10.1007\/978-3-658-45977-2\">Springer Nature.<\/a><\/p>\n<h1><\/h1>\n<p>Discours d&rsquo;ouverture \u00e0 la Children&rsquo;s Pain Awareness Week Singapore 2024, 7:30 AM (Singapore Time).<\/p>\n<h1><\/h1>\n<p>S\u00e9minaire sur la Dolografie \u00e0 la Haute \u00e9cole sp\u00e9cialis\u00e9e de Berne <a href=\"https:\/\/www.bfh.ch\/fr\/etudes\/master\/physiotherapie\/\" target=\"_blank\" rel=\"noopener\">(Master en physioth\u00e9rapie<\/a> avec une sp\u00e9cialisation en physioth\u00e9rapie de la douleur). Conf\u00e9renci\u00e8res : Sara H\u00e4usermann et Sabine Affolter, 27 mars 2024.<\/p>\n<h1><\/h1>\n<p>Dolografie au Science Lunch de Knowledge Visualization (ZHdK) le 8 mars 2023 au Toni-Areal de Zurich : des experts scientifiques parlent de projets de recherche actuels et soumettent \u00e0 la discussion leur utilisation des images. Les personnes int\u00e9ress\u00e9es sont les bienvenues.<\/p>\n<h1><\/h1>\n<p>S\u00e9minaire sur la Dolografie \u00e0 la Haute \u00e9cole sp\u00e9cialis\u00e9e de Berne <a href=\"https:\/\/www.bfh.ch\/fr\/etudes\/master\/physiotherapie\/\" target=\"_blank\" rel=\"noopener\">(Master en physioth\u00e9rapie<\/a> avec une sp\u00e9cialisation en physioth\u00e9rapie de la douleur). Conf\u00e9renci\u00e8res : Sara H\u00e4usermann et Sabine Affolter, 29 mars 2023.<\/p>\n<h1><\/h1>\n<p>Article sur la Dolografie dans le\u00a0magazine sp\u00e9cialis\u00e9 <a href=\"https:\/\/www.dolografie.com\/wp-content\/uploads\/2022\/12\/Bilder-fur-den-Schmerz_Sabine-Affolter_-Sara-Haeusermann_0422_Onkologiepflege.pdf\" target=\"_blank\" rel=\"noopener\">Onkologiepflege Schweiz 4\/2022.<\/a><\/p>\n<h1><\/h1>\n<p>Nouvel article sur la Dolografie avec 10 rapports cliniques de Prof. Dr. med. dent. Jens T\u00fcrp:<br \/>\n\u00abAvec la Dolografie\u00ae en tant qu&rsquo;\u00a0\u2039instrument de communication visuelle\u203a, on dispose dans le cadre de l&rsquo;anamn\u00e8se de la douleur d&rsquo;un proc\u00e9d\u00e9 qui permet de gagner du temps et qui contribue \u00e0 am\u00e9liorer le \u2039rendement diagnostique\u203a chez les patients, en obtenant par exemple des informations cliniquement pertinentes qui n&rsquo;avaient pas \u00e9t\u00e9 exprim\u00e9es auparavant. La m\u00e9thode dolographique peut ainsi servir d&rsquo;\u00e9l\u00e9ment suppl\u00e9mentaire pour une relation m\u00e9decin-patient r\u00e9ussie\u00bb. (traduit de l&rsquo;allemand)<br \/>\n<a href=\"https:\/\/www.dolografie.com\/wp-content\/uploads\/2022\/04\/ZBS-2022-03-Final_Fachbeitrag_Dolografie.pdf\" target=\"_blank\" rel=\"noopener\">Prof. Dr. med. dent. Jens Christoph T\u00fcrp: \u00abDolografie in der Zahnmedizin.\u00bb Zahn\u00e4rzteblatt Sachsen 2022;33(3):23\u201327.<\/a><\/p>\n<h1><\/h1>\n<p>S\u00e9minaire sur la Dolografie \u00e0 la Haute \u00e9cole sp\u00e9cialis\u00e9e de Berne <a href=\"https:\/\/www.bfh.ch\/fr\/etudes\/master\/physiotherapie\/\" target=\"_blank\" rel=\"noopener\">(Master en physioth\u00e9rapie<\/a> avec une sp\u00e9cialisation en physioth\u00e9rapie de la douleur). Conf\u00e9renci\u00e8res : Sara H\u00e4usermann et Sabine Affolter, 16 mars 2022.<\/p>\n<h1><\/h1>\n<p>L&rsquo;\u00e9tude sur la Dolografie en couverture du journal\u00a0<a href=\"https:\/\/link.springer.com\/article\/10.1007\/s00482-021-00532-x\" target=\"_blank\" rel=\"noopener noreferrer\">DER SCHMERZ<\/a> dans le num\u00e9ro actuel #5 2021 :<\/p>\n<p>\u00ab\u00a0[\u2026] The use of standardized image cards as a &lsquo;visual communication tool&rsquo; has proven to be a\u00a0time-efficient procedure in the context of history taking, which helps to obtain clinically relevant information not previously expressed by the patient.\u00a0\u00bb<\/p>\n<p><em><a href=\"https:\/\/link.springer.com\/article\/10.1007\/s00482-021-00532-x\" target=\"_blank\" rel=\"noopener noreferrer\">\u00ab\u00a0A picture is worth a thousand words\u2026 : Diagnosis of orofacial pain using Dolografie\u00ae\u00a0\u00bb<\/a>,<\/em> de Dr. med. dent. Carolin Luise Bohn et Prof. Dr. med. dent. Jens Christoph T\u00fcrp, Der Schmerz (2021;35:307\u2013314), Springer Medizin.<\/p>\n<p>Vous trouverez un extrait des r\u00e9sultats<a href=\"https:\/\/www.dolografie.com\/fr\/expertenmeinungen\/\" target=\"_blank\" rel=\"noopener\"> ici.<\/a><\/p>\n<h1><\/h1>\n<p>Conf\u00e9rence sur la Dolografie avec Dr. phil. Alice Prchal et Prof. Dr. med. dent. Jens T\u00fcrp<\/p>\n<p><a href=\"https:\/\/www.sappm.ch\/weiter-fortbildung\/agenda\/\" target=\"_blank\" rel=\"noopener noreferrer\">working group Chronic Pain SAPPM | ASMPP\u00a0\u2013 June 7, 2021.<\/a><\/p>\n<h1><\/h1>\n<p>L&rsquo;\u00e9tude sur la Dolografie est maintenant list\u00e9e sur <a href=\"https:\/\/pubmed.ncbi.nlm.nih.gov\/33507369\/\" target=\"_blank\" rel=\"noopener noreferrer\">PubMed<\/a> : \u00ab\u00a0A picture is worth a thousand words\u2026 : Diagnosis of orofacial pain using Dolografie\u00ae\u00a0\u00bb par Dr. med. dent. Carolin Luise Bohn et Prof. Dr. med. dent. Jens Christoph T\u00fcrp, 28 janvier 2021.<\/p>\n<h1><\/h1>\n<p>S\u00e9minaire sur la Dolografie \u00e0 la Haute \u00e9cole sp\u00e9cialis\u00e9e de Berne <a href=\"https:\/\/www.bfh.ch\/fr\/etudes\/master\/physiotherapie\/\" target=\"_blank\" rel=\"noopener\">(Master en physioth\u00e9rapie<\/a> avec une sp\u00e9cialisation en physioth\u00e9rapie de la douleur). Conf\u00e9renci\u00e8res : Sara H\u00e4usermann et Sabine Affolter, 23.3.2021.<\/p>\n<h1><\/h1>\n<p><a href=\"https:\/\/www.hkb-interpretation.ch\/news\" target=\"_blank\" rel=\"noopener noreferrer\">Dolografie au festival de la recherche 2020 \u2013 report\u00e9 au printemps 2021.<\/a><\/p>\n<h1><\/h1>\n<div>Reportage t\u00e9l\u00e9vis\u00e9 du\u00a0magazine scientifique \u00abnano\u00bb avec un entretien avec l&rsquo;expert en douleur Prof. Dr. med. dent. Jens Christoph T\u00fcrp sur <a href=\"https:\/\/www.3sat.de\/wissen\/nano\/191010-sendung-102.html\" target=\"_blank\" rel=\"noopener noreferrer\">3sat Nano, 10.10.19<\/a>\u00a0(minute 22:30).<\/div>\n<h1><\/h1>\n<p>Images de Dolografie dans\u00a0<a href=\"https:\/\/www.paraplegie.ch\/en\/service\/visitors\/visitor-centre-paraforum\" target=\"_blank\" rel=\"noopener noreferrer\">l&rsquo;espace visiteurs<\/a> de la Fondation suisse pour parapl\u00e9giques (09\/2019).<\/p>\n<h1><\/h1>\n<p>Mention de la Dolografie dans la nouvelle publication <a title=\"Martin von Wachter\" href=\"https:\/\/www.beltz.de\/fachmedien\/psychologie\/buecher\/produkt_produktdetails\/36150-therapie_tools_schmerzstoerungen.html\" target=\"_blank\" rel=\"noopener noreferrer\">Therapie-Tools Schmerzst\u00f6rungen<\/a> (08\/2019).<\/p>\n<h1><\/h1>\n<p>Pr\u00e9sentation de la Dolografie au <a href=\"https:\/\/www.ispp2019.org\/2019.html\" target=\"_blank\" rel=\"noopener noreferrer\">International Symposium on Pediatric Pain (17.06.19)<\/a>.<\/p>\n<h1><\/h1>\n<p>Exposition \u00e0 l\u2019h\u00f4pital de Soleure (01.02.\u201309.03.19).<\/p>\n<h1><\/h1>\n<p>Article dans le magazine <a href=\"https:\/\/www.dolografie.com\/wp-content\/uploads\/2018\/11\/Einsichten_Dolografie.pdf\" target=\"_blank\" rel=\"noopener noreferrer\">\u00abEinsichten\u00bb<\/a>\u00a0(08\/2018).<\/p>\n<h1><\/h1>\n<p>Dolografie \u00e0 la \u00absemaine du cerveau\u00bb\u00a0<a href=\"https:\/\/www.brainfair.uzh.ch\/de\/Impressionen-2018.html\" target=\"_blank\" rel=\"noopener noreferrer\">BrainFair Z\u00fcrich:<\/a> pr\u00e9sentation (17.03.18) et exposition \u00a0(12.\u201317.03.18).<\/p>\n<h1><\/h1>\n<p>Reportage t\u00e9l\u00e9vis\u00e9 sur WDR: <a href=\"http:\/\/www.dolografie.com\/wp-content\/uploads\/2018\/03\/DG_WDR_Video_gek.mp4\" target=\"_blank\" rel=\"noopener noreferrer\">\u00ab[\u2026] Neue Schmerzdiagnostik\u00bb<\/a> (12.12.17)<\/p>\n<h1><\/h1>\n<p>Reportage vid\u00e9o de la clinique de Dortmund\u00a0avec l&rsquo;experte de la douleur Heike Strohmeyer-Kirsch: <a href=\"https:\/\/www.facebook.com\/klinikumdo\/videos\/vb.156174937746574\/1677820735581979\/?type=2&amp;theater\" target=\"_blank\" rel=\"noopener noreferrer\">\u00abSchmerz per Bildmotiv beschreiben?\u00bb (31.8.17)<\/a><\/p>\n<h1><\/h1>\n<p>La Dolografie sur la SRF:\u00a0<a href=\"https:\/\/www.srf.ch\/news\/regional\/bern-freiburg-wallis\/nuetzliche-erfindung-so-sehen-schmerzen-aus\" target=\"_blank\" rel=\"noopener noreferrer\">\u00abN\u00fctzliche Erfindung: So sehen Schmerzen aus\u00bb (16.6.17)<\/a><\/p>\n<h1><\/h1>\n<p>La Dolografie gagne le <a href=\"https:\/\/europeandesign.org\/ed-awards\/winners\/\" target=\"_blank\" rel=\"noopener noreferrer\">European\u00a0Design Awards 2017.<\/a><\/p>\n<p><img loading=\"lazy\" decoding=\"async\" class=\"alignnone wp-image-578 size-medium\" src=\"https:\/\/www.dolografie.com\/wp-content\/uploads\/2013\/10\/2LinesGold-300x150.png\" alt=\"2LinesGold\" width=\"300\" height=\"150\" data-id=\"578\" \/><\/p>\n<h1><\/h1>\n<p>Article dans le magazine sp\u00e9cialis\u00e9\u00a0<a href=\"http:\/\/www.dolografie.com\/wp-content\/uploads\/2018\/03\/Hogrefe_FZS_Schmerz_Dolografie_2017.pdf\" target=\"_blank\" rel=\"noopener noreferrer\">\u00abSchmerz und Schmerzmanagement 01|2017\u00bb.<\/a><\/p>\n<h1><\/h1>\n<p>&nbsp;<\/p>\n<p>&nbsp;<\/p>\n<p>&nbsp;<\/p>","protected":false},"excerpt":{"rendered":"<p>Nouvelles Le magazine Focus Gesundheit pr\u00e9sente l&rsquo;approche th\u00e9rapeutique holistique dans le traitement de la douleur chronique : Focus Gesundheit: Vom Feind zum Begleiter (09\/25) \u2013 illustr\u00e9 par des images de Dolografie. Le suisse magazine Beobachter fait un portrait de quatre personnes souffrant de douleurs chroniques \u00e0 l&rsquo;aide de la Dolografie. Beobachter: Dem Schmerz auf der [&hellip;]<\/p>\n","protected":false},"author":2,"featured_media":0,"parent":0,"menu_order":1,"comment_status":"open","ping_status":"open","template":"","meta":{"footnotes":""},"class_list":["post-2","page","type-page","status-publish","hentry"],"_links":{"self":[{"href":"https:\/\/www.dolografie.com\/fr\/wp-json\/wp\/v2\/pages\/2","targetHints":{"allow":["GET"]}}],"collection":[{"href":"https:\/\/www.dolografie.com\/fr\/wp-json\/wp\/v2\/pages"}],"about":[{"href":"https:\/\/www.dolografie.com\/fr\/wp-json\/wp\/v2\/types\/page"}],"author":[{"embeddable":true,"href":"https:\/\/www.dolografie.com\/fr\/wp-json\/wp\/v2\/users\/2"}],"replies":[{"embeddable":true,"href":"https:\/\/www.dolografie.com\/fr\/wp-json\/wp\/v2\/comments?post=2"}],"version-history":[{"count":206,"href":"https:\/\/www.dolografie.com\/fr\/wp-json\/wp\/v2\/pages\/2\/revisions"}],"predecessor-version":[{"id":3178,"href":"https:\/\/www.dolografie.com\/fr\/wp-json\/wp\/v2\/pages\/2\/revisions\/3178"}],"wp:attachment":[{"href":"https:\/\/www.dolografie.com\/fr\/wp-json\/wp\/v2\/media?parent=2"}],"curies":[{"name":"wp","href":"https:\/\/api.w.org\/{rel}","templated":true}]}}